{"id":11521,"date":"2021-01-08T00:10:49","date_gmt":"2021-01-08T00:10:49","guid":{"rendered":"https:\/\/colegiocristianointegral.com\/?page_id=11521"},"modified":"2021-01-15T14:20:14","modified_gmt":"2021-01-15T14:20:14","slug":"ccialletter","status":"publish","type":"page","link":"https:\/\/colegiocristianointegral.com\/en\/ccialletter\/","title":{"rendered":"ICC ON DEMAND"},"content":{"rendered":"<div data-vc-full-width=\"true\" data-vc-full-width-init=\"false\" data-vc-stretch-content=\"true\" class=\"vc_row wpb_row vc_row-fluid vc_custom_1610065107274 vc_row-no-padding\"><div class=\"wpb_column vc_column_container vc_col-sm-6\"><div class=\"vc_column-inner vc_custom_1610034223491\"><div class=\"wpb_wrapper\"><div id=\"ultimate-heading-921669f70bba7a778\" class=\"uvc-heading ult-adjust-bottom-margin ultimate-heading-921669f70bba7a778 uvc-6326 \" data-hspacer=\"no_spacer\"  data-halign=\"left\" style=\"text-align:left\"><div class=\"uvc-heading-spacer no_spacer\" style=\"top\"><\/div><div class=\"uvc-main-heading ult-responsive\"  data-ultimate-target='.uvc-heading.ultimate-heading-921669f70bba7a778 h2'  data-responsive-json-new='{\"font-size\":\"desktop:65px;\",\"line-height\":\"\"}' ><h2 style=\"font-weight:bold;color:#ffffff;\">Conoce nuestra modalidad de estudio<\/h2><\/div><div class=\"uvc-sub-heading ult-responsive\"  data-ultimate-target='.uvc-heading.ultimate-heading-921669f70bba7a778 .uvc-sub-heading '  data-responsive-json-new='{\"font-size\":\"desktop:45px;\",\"line-height\":\"\"}'  style=\"font-weight:bold;color:#ffffff;\"><\/p>\n<p style=\"text-align: left;\">Para este 2021<\/p>\n<p><\/div><\/div><\/div><\/div><\/div><div class=\"wpb_column vc_column_container vc_col-sm-6\"><div class=\"vc_column-inner\"><div class=\"wpb_wrapper\"><\/div><\/div><\/div><\/div><div class=\"vc_row-full-width vc_clearfix\"><\/div><!-- Row Backgrounds --><div class=\"upb_bg_img\" data-ultimate-bg=\"url(https:\/\/colegiocristianointegral.com\/wp-content\/uploads\/2021\/01\/NINOS-EN-CLASE-1.jpg)\" data-image-id=\"id^11532|url^https:\/\/colegiocristianointegral.com\/wp-content\/uploads\/2021\/01\/NINOS-EN-CLASE-1.jpg|caption^null|alt^null|title^NI\u00d1OS EN CLASE 1|description^null\" data-ultimate-bg-style=\"vcpb-default\" data-bg-img-repeat=\"repeat\" data-bg-img-size=\"cover\" data-bg-img-position=\"\" data-parallx_sense=\"30\" data-bg-override=\"ex-full\" data-bg_img_attach=\"scroll\" data-upb-overlay-color=\"rgba(0,0,0,0.3)\" data-upb-bg-animation=\"\" data-fadeout=\"fadeout_row_value\" data-bg-animation=\"left-animation\" data-bg-animation-type=\"h\" data-animation-repeat=\"repeat\" data-fadeout-percentage=\"30\" data-parallax-content=\"parallax_content_value\" data-parallax-content-sense=\"30\" data-row-effect-mobile-disable=\"true\" data-img-parallax-mobile-disable=\"true\" data-rtl=\"false\"  data-custom-vc-row=\"\"  data-vc=\"5.7\"  data-is_old_vc=\"\"  data-theme-support=\"\"   data-overlay=\"true\" data-overlay-color=\"rgba(0,0,0,0.3)\" data-overlay-pattern=\"\" data-overlay-pattern-opacity=\"0.8\" data-overlay-pattern-size=\"\" data-overlay-pattern-attachment=\"scroll\"    ><\/div><div data-vc-full-width=\"true\" data-vc-full-width-init=\"false\" data-vc-stretch-content=\"true\" class=\"vc_row wpb_row vc_row-fluid vc_custom_1465826645879 vc_row-no-padding vc_row-o-equal-height vc_row-flex\"><div class=\"wpb_column vc_column_container vc_col-sm-12 vc_col-md-6 vc_col-has-fill\"><div class=\"vc_column-inner vc_custom_1609887691555\"><div class=\"wpb_wrapper\"><div id=\"ultimate-heading-749869f70bba7c028\" class=\"uvc-heading ult-adjust-bottom-margin ultimate-heading-749869f70bba7c028 uvc-5703 \" data-hspacer=\"no_spacer\"  data-halign=\"center\" style=\"text-align:center\"><div class=\"uvc-heading-spacer no_spacer\" style=\"top\"><\/div><div class=\"uvc-main-heading ult-responsive\"  data-ultimate-target='.uvc-heading.ultimate-heading-749869f70bba7c028 h2'  data-responsive-json-new='{\"font-size\":\"desktop:40px;\",\"line-height\":\"\"}' ><h2 style=\"font-weight:bold;color:#ffffff;\">Queremos que conozcas como funciona la presencialidad en la modalidad alternancia<\/h2><\/div><\/div><\/div><\/div><\/div><div class=\"wpb_column vc_column_container vc_col-sm-12 vc_col-md-6 vc_col-has-fill\"><div class=\"vc_column-inner vc_custom_1610065564315\"><div class=\"wpb_wrapper\"><\/div><\/div><\/div><\/div><div class=\"vc_row-full-width vc_clearfix\"><\/div><div class=\"vc_row wpb_row vc_row-fluid\"><div class=\"wpb_column vc_column_container vc_col-sm-12\"><div class=\"vc_column-inner\"><div class=\"wpb_wrapper\"><div class=\"ult-spacer spacer-69f70bba7c4da\" data-id=\"69f70bba7c4da\" data-height=\"100\" data-height-mobile=\"100\" data-height-tab=\"100\" data-height-tab-portrait=\"\" data-height-mobile-landscape=\"\" style=\"clear:both;display:block;\"><\/div><\/div><\/div><\/div><\/div><div class=\"vc_row wpb_row vc_row-fluid vc_custom_1610678883131\"><div class=\"wpb_column vc_column_container vc_col-sm-12\"><div class=\"vc_column-inner\"><div class=\"wpb_wrapper\"><div id=\"ult-carousel-98188764769f70bba7c8e3\" class=\"ult-carousel-wrapper   ult_horizontal\" data-gutter=\"15\" data-rtl=\"false\" ><div class=\"ult-carousel-30909008469f70bba7c8bd \" ><div class=\"ult-item-wrap\" data-animation=\"animated no-animation\"><div class=\"vc_row wpb_row vc_inner vc_row-fluid\"><div class=\"ult-item-wrap\" data-animation=\"animated no-animation\"><div class=\"wpb_column vc_column_container vc_col-sm-3\"><div class=\"vc_column-inner\"><div class=\"wpb_wrapper\"><div class=\"ult-item-wrap\" data-animation=\"animated no-animation\">\n\t<div  class=\"wpb_single_image wpb_content_element vc_align_center\">\n\t\t\n\t\t<figure class=\"wpb_wrapper vc_figure\">\n\t\t\t<div class=\"vc_single_image-wrapper   vc_box_border_grey\"><img fetchpriority=\"high\" decoding=\"async\" width=\"386\" height=\"510\" src=\"https:\/\/colegiocristianointegral.com\/wp-content\/uploads\/2021\/01\/INFO-1-386x510.png\" class=\"vc_single_image-img attachment-medium\" alt=\"\" srcset=\"https:\/\/colegiocristianointegral.com\/wp-content\/uploads\/2021\/01\/INFO-1-386x510.png 386w, https:\/\/colegiocristianointegral.com\/wp-content\/uploads\/2021\/01\/INFO-1.png 550w\" sizes=\"(max-width: 386px) 100vw, 386px\" \/><\/div>\n\t\t<\/figure>\n\t<\/div>\n<\/div><\/div><\/div><\/div><\/div><div class=\"ult-item-wrap\" data-animation=\"animated no-animation\"><div class=\"wpb_column vc_column_container vc_col-sm-9\"><div class=\"vc_column-inner vc_custom_1610679587363\"><div class=\"wpb_wrapper\"><div class=\"ult-item-wrap\" data-animation=\"animated no-animation\"><div id=\"ultimate-heading-460369f70bba7e8e1\" class=\"uvc-heading ult-adjust-bottom-margin ultimate-heading-460369f70bba7e8e1 uvc-3723 \" data-hspacer=\"no_spacer\"  data-halign=\"center\" style=\"text-align:center\"><div class=\"uvc-heading-spacer no_spacer\" style=\"top\"><\/div><div class=\"uvc-main-heading ult-responsive\"  data-ultimate-target='.uvc-heading.ultimate-heading-460369f70bba7e8e1 h2'  data-responsive-json-new='{\"font-size\":\"desktop:40px;\",\"line-height\":\"\"}' ><h2 style=\"font-weight:bold;color:#000000;\">\u00bfQu\u00e9 modalidades de estudio se manejar\u00e1n el 2021?<\/h2><\/div><div class=\"uvc-sub-heading ult-responsive\"  data-ultimate-target='.uvc-heading.ultimate-heading-460369f70bba7e8e1 .uvc-sub-heading '  data-responsive-json-new='{\"font-size\":\"desktop:25px;\",\"line-height\":\"\"}'  style=\"font-weight:normal;color:#000000;\">Presencial, bajo el esquema de alternancia.<\/p>\n<p>Estudio en casa. (virtual)<\/div><\/div><\/div><\/div><\/div><\/div><\/div><\/div><\/div><div class=\"ult-item-wrap\" data-animation=\"animated no-animation\"><div class=\"vc_row wpb_row vc_inner vc_row-fluid\"><div class=\"ult-item-wrap\" data-animation=\"animated no-animation\"><div class=\"wpb_column vc_column_container vc_col-sm-3\"><div class=\"vc_column-inner\"><div class=\"wpb_wrapper\"><div class=\"ult-item-wrap\" data-animation=\"animated no-animation\">\n\t<div  class=\"wpb_single_image wpb_content_element vc_align_center\">\n\t\t\n\t\t<figure class=\"wpb_wrapper vc_figure\">\n\t\t\t<div class=\"vc_single_image-wrapper   vc_box_border_grey\"><img decoding=\"async\" width=\"405\" height=\"510\" src=\"https:\/\/colegiocristianointegral.com\/wp-content\/uploads\/2021\/01\/INFO-2-405x510.png\" class=\"vc_single_image-img attachment-medium\" alt=\"\" srcset=\"https:\/\/colegiocristianointegral.com\/wp-content\/uploads\/2021\/01\/INFO-2-405x510.png 405w, https:\/\/colegiocristianointegral.com\/wp-content\/uploads\/2021\/01\/INFO-2.png 555w\" sizes=\"(max-width: 405px) 100vw, 405px\" \/><\/div>\n\t\t<\/figure>\n\t<\/div>\n<\/div><\/div><\/div><\/div><\/div><div class=\"ult-item-wrap\" data-animation=\"animated no-animation\"><div class=\"wpb_column vc_column_container vc_col-sm-9\"><div class=\"vc_column-inner vc_custom_1610679593273\"><div class=\"wpb_wrapper\"><div class=\"ult-item-wrap\" data-animation=\"animated no-animation\"><div id=\"ultimate-heading-84169f70bba7f90d\" class=\"uvc-heading ult-adjust-bottom-margin ultimate-heading-84169f70bba7f90d uvc-9704 \" data-hspacer=\"no_spacer\"  data-halign=\"center\" style=\"text-align:center\"><div class=\"uvc-heading-spacer no_spacer\" style=\"top\"><\/div><div class=\"uvc-main-heading ult-responsive\"  data-ultimate-target='.uvc-heading.ultimate-heading-84169f70bba7f90d h2'  data-responsive-json-new='{\"font-size\":\"desktop:40px;\",\"line-height\":\"\"}' ><h2 style=\"font-weight:bold;color:#000000;\">\u00bfC\u00f3mo funciona la presencialidad en la modalidad alternancia?<\/h2><\/div><div class=\"uvc-sub-heading ult-responsive\"  data-ultimate-target='.uvc-heading.ultimate-heading-84169f70bba7f90d .uvc-sub-heading '  data-responsive-json-new='{\"font-size\":\"desktop:25px;\",\"line-height\":\"\"}'  style=\"font-weight:normal;color:#000000;\">Cada curso se dividir\u00e1 en dos grupos A y B. El grupo A asistir\u00e1 presencialmente los d\u00edas pares. El grupo B asistir\u00e1 presencialmente los d\u00edas impares.<\/div><\/div><\/div><\/div><\/div><\/div><\/div><\/div><\/div><div class=\"ult-item-wrap\" data-animation=\"animated no-animation\"><div class=\"vc_row wpb_row vc_inner vc_row-fluid\"><div class=\"ult-item-wrap\" data-animation=\"animated no-animation\"><div class=\"wpb_column vc_column_container vc_col-sm-3\"><div class=\"vc_column-inner\"><div class=\"wpb_wrapper\"><div class=\"ult-item-wrap\" data-animation=\"animated no-animation\">\n\t<div  class=\"wpb_single_image wpb_content_element vc_align_center\">\n\t\t\n\t\t<figure class=\"wpb_wrapper vc_figure\">\n\t\t\t<div class=\"vc_single_image-wrapper   vc_box_border_grey\"><img decoding=\"async\" width=\"385\" height=\"510\" src=\"https:\/\/colegiocristianointegral.com\/wp-content\/uploads\/2021\/01\/INFO-3-385x510.png\" class=\"vc_single_image-img attachment-medium\" alt=\"\" srcset=\"https:\/\/colegiocristianointegral.com\/wp-content\/uploads\/2021\/01\/INFO-3-385x510.png 385w, https:\/\/colegiocristianointegral.com\/wp-content\/uploads\/2021\/01\/INFO-3.png 550w\" sizes=\"(max-width: 385px) 100vw, 385px\" \/><\/div>\n\t\t<\/figure>\n\t<\/div>\n<\/div><\/div><\/div><\/div><\/div><div class=\"ult-item-wrap\" data-animation=\"animated no-animation\"><div class=\"wpb_column vc_column_container vc_col-sm-9\"><div class=\"vc_column-inner vc_custom_1610679600248\"><div class=\"wpb_wrapper\"><div class=\"ult-item-wrap\" data-animation=\"animated no-animation\"><div id=\"ultimate-heading-570969f70bba809aa\" class=\"uvc-heading ult-adjust-bottom-margin ultimate-heading-570969f70bba809aa uvc-9206 \" data-hspacer=\"no_spacer\"  data-halign=\"center\" style=\"text-align:center\"><div class=\"uvc-heading-spacer no_spacer\" style=\"top\"><\/div><div class=\"uvc-main-heading ult-responsive\"  data-ultimate-target='.uvc-heading.ultimate-heading-570969f70bba809aa h2'  data-responsive-json-new='{\"font-size\":\"desktop:40px;\",\"line-height\":\"\"}' ><h2 style=\"font-weight:bold;color:#000000;\">\u00bfLos d\u00edas que los estudiantes no asistan presencialmente tendr\u00e1n clases?<\/h2><\/div><div class=\"uvc-sub-heading ult-responsive\"  data-ultimate-target='.uvc-heading.ultimate-heading-570969f70bba809aa .uvc-sub-heading '  data-responsive-json-new='{\"font-size\":\"desktop:25px;\",\"line-height\":\"\"}'  style=\"font-weight:normal;color:#000000;\">Si, los estudiantes tendr\u00e1n clase de manera sincr\u00f3nica a trav\u00e9s de la herramienta classroom y meet.<\/div><\/div><\/div><\/div><\/div><\/div><\/div><\/div><\/div><div class=\"ult-item-wrap\" data-animation=\"animated no-animation\"><div class=\"vc_row wpb_row vc_inner vc_row-fluid\"><div class=\"ult-item-wrap\" data-animation=\"animated no-animation\"><div class=\"wpb_column vc_column_container vc_col-sm-3\"><div class=\"vc_column-inner\"><div class=\"wpb_wrapper\"><div class=\"ult-item-wrap\" data-animation=\"animated no-animation\">\n\t<div  class=\"wpb_single_image wpb_content_element vc_align_center\">\n\t\t\n\t\t<figure class=\"wpb_wrapper vc_figure\">\n\t\t\t<div class=\"vc_single_image-wrapper   vc_box_border_grey\"><img loading=\"lazy\" decoding=\"async\" width=\"394\" height=\"510\" src=\"https:\/\/colegiocristianointegral.com\/wp-content\/uploads\/2021\/01\/INFO-4-394x510.png\" class=\"vc_single_image-img attachment-medium\" alt=\"\" srcset=\"https:\/\/colegiocristianointegral.com\/wp-content\/uploads\/2021\/01\/INFO-4-394x510.png 394w, https:\/\/colegiocristianointegral.com\/wp-content\/uploads\/2021\/01\/INFO-4.png 555w\" sizes=\"(max-width: 394px) 100vw, 394px\" \/><\/div>\n\t\t<\/figure>\n\t<\/div>\n<\/div><\/div><\/div><\/div><\/div><div class=\"ult-item-wrap\" data-animation=\"animated no-animation\"><div class=\"wpb_column vc_column_container vc_col-sm-9\"><div class=\"vc_column-inner vc_custom_1610679600248\"><div class=\"wpb_wrapper\"><div class=\"ult-item-wrap\" data-animation=\"animated no-animation\"><div id=\"ultimate-heading-961569f70bba81ac4\" class=\"uvc-heading ult-adjust-bottom-margin ultimate-heading-961569f70bba81ac4 uvc-1195 \" data-hspacer=\"no_spacer\"  data-halign=\"center\" style=\"text-align:center\"><div class=\"uvc-heading-spacer no_spacer\" style=\"top\"><\/div><div class=\"uvc-main-heading ult-responsive\"  data-ultimate-target='.uvc-heading.ultimate-heading-961569f70bba81ac4 h2'  data-responsive-json-new='{\"font-size\":\"desktop:40px;\",\"line-height\":\"\"}' ><h2 style=\"font-weight:bold;color:#000000;\">\u00bfSe manejar\u00e1n los mismos costos en cualquier modalidad?<\/h2><\/div><div class=\"uvc-sub-heading ult-responsive\"  data-ultimate-target='.uvc-heading.ultimate-heading-961569f70bba81ac4 .uvc-sub-heading '  data-responsive-json-new='{\"font-size\":\"desktop:25px;\",\"line-height\":\"\"}'  style=\"font-weight:normal;color:#000000;\">Si, los costos se manejar\u00e1n igual para las dos modalidades.<\/div><\/div><\/div><\/div><\/div><\/div><\/div><\/div><\/div><div class=\"ult-item-wrap\" data-animation=\"animated no-animation\"><div class=\"vc_row wpb_row vc_inner vc_row-fluid\"><div class=\"ult-item-wrap\" data-animation=\"animated no-animation\"><div class=\"wpb_column vc_column_container vc_col-sm-3\"><div class=\"vc_column-inner\"><div class=\"wpb_wrapper\"><div class=\"ult-item-wrap\" data-animation=\"animated no-animation\">\n\t<div  class=\"wpb_single_image wpb_content_element vc_align_center\">\n\t\t\n\t\t<figure class=\"wpb_wrapper vc_figure\">\n\t\t\t<div class=\"vc_single_image-wrapper   vc_box_border_grey\"><img loading=\"lazy\" decoding=\"async\" width=\"399\" height=\"510\" src=\"https:\/\/colegiocristianointegral.com\/wp-content\/uploads\/2021\/01\/INFO-5-399x510.png\" class=\"vc_single_image-img attachment-medium\" alt=\"\" srcset=\"https:\/\/colegiocristianointegral.com\/wp-content\/uploads\/2021\/01\/INFO-5-399x510.png 399w, https:\/\/colegiocristianointegral.com\/wp-content\/uploads\/2021\/01\/INFO-5.png 550w\" sizes=\"(max-width: 399px) 100vw, 399px\" \/><\/div>\n\t\t<\/figure>\n\t<\/div>\n<\/div><\/div><\/div><\/div><\/div><div class=\"ult-item-wrap\" data-animation=\"animated no-animation\"><div class=\"wpb_column vc_column_container vc_col-sm-9\"><div class=\"vc_column-inner vc_custom_1610679600248\"><div class=\"wpb_wrapper\"><div class=\"ult-item-wrap\" data-animation=\"animated no-animation\"><div id=\"ultimate-heading-666169f70bba83380\" class=\"uvc-heading ult-adjust-bottom-margin ultimate-heading-666169f70bba83380 uvc-4099 \" data-hspacer=\"no_spacer\"  data-halign=\"center\" style=\"text-align:center\"><div class=\"uvc-heading-spacer no_spacer\" style=\"top\"><\/div><div class=\"uvc-main-heading ult-responsive\"  data-ultimate-target='.uvc-heading.ultimate-heading-666169f70bba83380 h2'  data-responsive-json-new='{\"font-size\":\"desktop:40px;\",\"line-height\":\"\"}' ><h2 style=\"font-weight:bold;color:#000000;\">\u00bfEn la alternancia es posible que los hermanos asistan el mismo d\u00eda?<\/h2><\/div><div class=\"uvc-sub-heading ult-responsive\"  data-ultimate-target='.uvc-heading.ultimate-heading-666169f70bba83380 .uvc-sub-heading '  data-responsive-json-new='{\"font-size\":\"desktop:25px;\",\"line-height\":\"\"}'  style=\"font-weight:normal;color:#000000;\">Si, se realizar\u00e1 el proceso de selecci\u00f3n para que los miembro de una familia asistan el mismo d\u00eda.<\/div><\/div><\/div><\/div><\/div><\/div><\/div><\/div><\/div><div class=\"ult-item-wrap\" data-animation=\"animated no-animation\"><div class=\"vc_row wpb_row vc_inner vc_row-fluid\"><div class=\"ult-item-wrap\" data-animation=\"animated no-animation\"><div class=\"wpb_column vc_column_container vc_col-sm-3\"><div class=\"vc_column-inner\"><div class=\"wpb_wrapper\"><div class=\"ult-item-wrap\" data-animation=\"animated no-animation\">\n\t<div  class=\"wpb_single_image wpb_content_element vc_align_center\">\n\t\t\n\t\t<figure class=\"wpb_wrapper vc_figure\">\n\t\t\t<div class=\"vc_single_image-wrapper   vc_box_border_grey\"><img loading=\"lazy\" decoding=\"async\" width=\"394\" height=\"510\" src=\"https:\/\/colegiocristianointegral.com\/wp-content\/uploads\/2021\/01\/INFO-6-394x510.png\" class=\"vc_single_image-img attachment-medium\" alt=\"\" srcset=\"https:\/\/colegiocristianointegral.com\/wp-content\/uploads\/2021\/01\/INFO-6-394x510.png 394w, https:\/\/colegiocristianointegral.com\/wp-content\/uploads\/2021\/01\/INFO-6.png 555w\" sizes=\"(max-width: 394px) 100vw, 394px\" \/><\/div>\n\t\t<\/figure>\n\t<\/div>\n<\/div><\/div><\/div><\/div><\/div><div class=\"ult-item-wrap\" data-animation=\"animated no-animation\"><div class=\"wpb_column vc_column_container vc_col-sm-9\"><div class=\"vc_column-inner vc_custom_1610679600248\"><div class=\"wpb_wrapper\"><div class=\"ult-item-wrap\" data-animation=\"animated no-animation\"><div id=\"ultimate-heading-465169f70bba8432a\" class=\"uvc-heading ult-adjust-bottom-margin ultimate-heading-465169f70bba8432a uvc-9539 \" data-hspacer=\"no_spacer\"  data-halign=\"center\" style=\"text-align:center\"><div class=\"uvc-heading-spacer no_spacer\" style=\"top\"><\/div><div class=\"uvc-main-heading ult-responsive\"  data-ultimate-target='.uvc-heading.ultimate-heading-465169f70bba8432a h2'  data-responsive-json-new='{\"font-size\":\"desktop:40px;\",\"line-height\":\"\"}' ><h2 style=\"font-weight:bold;color:#000000;\">\u00bfSi cambio de domicilio a otra ciudad puedo continuar de manera virtual?<\/h2><\/div><div class=\"uvc-sub-heading ult-responsive\"  data-ultimate-target='.uvc-heading.ultimate-heading-465169f70bba8432a .uvc-sub-heading '  data-responsive-json-new='{\"font-size\":\"desktop:25px;\",\"line-height\":\"\"}'  style=\"font-weight:normal;color:#000000;\">Si, podr\u00e1 continuar el proceso de formaci\u00f3n con nosotros de manera virtual. Este con su debido proceso.<\/div><\/div><\/div><\/div><\/div><\/div><\/div><\/div><\/div><div class=\"ult-item-wrap\" data-animation=\"animated no-animation\"><div class=\"vc_row wpb_row vc_inner vc_row-fluid\"><div class=\"ult-item-wrap\" data-animation=\"animated no-animation\"><div class=\"wpb_column vc_column_container vc_col-sm-3\"><div class=\"vc_column-inner\"><div class=\"wpb_wrapper\"><div class=\"ult-item-wrap\" data-animation=\"animated no-animation\">\n\t<div  class=\"wpb_single_image wpb_content_element vc_align_center\">\n\t\t\n\t\t<figure class=\"wpb_wrapper vc_figure\">\n\t\t\t<div class=\"vc_single_image-wrapper   vc_box_border_grey\"><img loading=\"lazy\" decoding=\"async\" width=\"393\" height=\"510\" src=\"https:\/\/colegiocristianointegral.com\/wp-content\/uploads\/2021\/01\/INFO-7-393x510.png\" class=\"vc_single_image-img attachment-medium\" alt=\"\" srcset=\"https:\/\/colegiocristianointegral.com\/wp-content\/uploads\/2021\/01\/INFO-7-393x510.png 393w, https:\/\/colegiocristianointegral.com\/wp-content\/uploads\/2021\/01\/INFO-7.png 550w\" sizes=\"(max-width: 393px) 100vw, 393px\" \/><\/div>\n\t\t<\/figure>\n\t<\/div>\n<\/div><\/div><\/div><\/div><\/div><div class=\"ult-item-wrap\" data-animation=\"animated no-animation\"><div class=\"wpb_column vc_column_container vc_col-sm-9\"><div class=\"vc_column-inner vc_custom_1610679600248\"><div class=\"wpb_wrapper\"><div class=\"ult-item-wrap\" data-animation=\"animated no-animation\"><div id=\"ultimate-heading-479269f70bba85025\" class=\"uvc-heading ult-adjust-bottom-margin ultimate-heading-479269f70bba85025 uvc-4018 \" data-hspacer=\"no_spacer\"  data-halign=\"center\" style=\"text-align:center\"><div class=\"uvc-heading-spacer no_spacer\" style=\"top\"><\/div><div class=\"uvc-main-heading ult-responsive\"  data-ultimate-target='.uvc-heading.ultimate-heading-479269f70bba85025 h2'  data-responsive-json-new='{\"font-size\":\"desktop:40px;\",\"line-height\":\"\"}' ><h2 style=\"font-weight:bold;color:#000000;\">\u00bfCu\u00e1l ser\u00eda la jornada escolar?<\/h2><\/div><div class=\"uvc-sub-heading ult-responsive\"  data-ultimate-target='.uvc-heading.ultimate-heading-479269f70bba85025 .uvc-sub-heading '  data-responsive-json-new='{\"font-size\":\"desktop:25px;\",\"line-height\":\"\"}'  style=\"font-weight:normal;color:#000000;\">Preescolar: 7:00 a 12:50<br \/>\nPrimaria y B\u00e1sica: 6:20 a 12:50<br \/>\nMedia: 6:20 a 3:00<\/div><\/div><\/div><\/div><\/div><\/div><\/div><\/div><\/div><div class=\"ult-item-wrap\" data-animation=\"animated no-animation\"><div class=\"vc_row wpb_row vc_inner vc_row-fluid\"><div class=\"ult-item-wrap\" data-animation=\"animated no-animation\"><div class=\"wpb_column vc_column_container vc_col-sm-3\"><div class=\"vc_column-inner\"><div class=\"wpb_wrapper\"><div class=\"ult-item-wrap\" data-animation=\"animated no-animation\">\n\t<div  class=\"wpb_single_image wpb_content_element vc_align_center\">\n\t\t\n\t\t<figure class=\"wpb_wrapper vc_figure\">\n\t\t\t<div class=\"vc_single_image-wrapper   vc_box_border_grey\"><img loading=\"lazy\" decoding=\"async\" width=\"375\" height=\"510\" src=\"https:\/\/colegiocristianointegral.com\/wp-content\/uploads\/2021\/01\/INFO-8-375x510.png\" class=\"vc_single_image-img attachment-medium\" alt=\"\" srcset=\"https:\/\/colegiocristianointegral.com\/wp-content\/uploads\/2021\/01\/INFO-8-375x510.png 375w, https:\/\/colegiocristianointegral.com\/wp-content\/uploads\/2021\/01\/INFO-8.png 555w\" sizes=\"(max-width: 375px) 100vw, 375px\" \/><\/div>\n\t\t<\/figure>\n\t<\/div>\n<\/div><\/div><\/div><\/div><\/div><div class=\"ult-item-wrap\" data-animation=\"animated no-animation\"><div class=\"wpb_column vc_column_container vc_col-sm-9\"><div class=\"vc_column-inner vc_custom_1610679600248\"><div class=\"wpb_wrapper\"><div class=\"ult-item-wrap\" data-animation=\"animated no-animation\"><div id=\"ultimate-heading-923469f70bba85a85\" class=\"uvc-heading ult-adjust-bottom-margin ultimate-heading-923469f70bba85a85 uvc-901 \" data-hspacer=\"no_spacer\"  data-halign=\"center\" style=\"text-align:center\"><div class=\"uvc-heading-spacer no_spacer\" style=\"top\"><\/div><div class=\"uvc-main-heading ult-responsive\"  data-ultimate-target='.uvc-heading.ultimate-heading-923469f70bba85a85 h2'  data-responsive-json-new='{\"font-size\":\"desktop:40px;\",\"line-height\":\"\"}' ><h2 style=\"font-weight:bold;color:#000000;\">\u00bfC\u00f3mo ser\u00e1n los tiempos de descanso?<\/h2><\/div><div class=\"uvc-sub-heading ult-responsive\"  data-ultimate-target='.uvc-heading.ultimate-heading-923469f70bba85a85 .uvc-sub-heading '  data-responsive-json-new='{\"font-size\":\"desktop:25px;\",\"line-height\":\"\"}'  style=\"font-weight:normal;color:#000000;\">Habr\u00e1 5 tiempos de descanso:<br \/>\nPrejard\u00edn y Jard\u00edn: 9:30-10:20<br \/>\nTransici\u00f3n: 10:20-11:10<br \/>\nPrimaria y 6\u00b0:9:30-10:20<br \/>\nB\u00e1sica:8:40-9:30<br \/>\nMedia:10:20-11:10<\/div><\/div><\/div><\/div><\/div><\/div><\/div><\/div><\/div><div class=\"ult-item-wrap\" data-animation=\"animated no-animation\"><div class=\"vc_row wpb_row vc_inner vc_row-fluid\"><div class=\"ult-item-wrap\" data-animation=\"animated no-animation\"><div class=\"wpb_column vc_column_container vc_col-sm-3\"><div class=\"vc_column-inner\"><div class=\"wpb_wrapper\"><div class=\"ult-item-wrap\" data-animation=\"animated no-animation\">\n\t<div  class=\"wpb_single_image wpb_content_element vc_align_center\">\n\t\t\n\t\t<figure class=\"wpb_wrapper vc_figure\">\n\t\t\t<div class=\"vc_single_image-wrapper   vc_box_border_grey\"><img loading=\"lazy\" decoding=\"async\" width=\"367\" height=\"510\" src=\"https:\/\/colegiocristianointegral.com\/wp-content\/uploads\/2021\/01\/INFO-9-367x510.png\" class=\"vc_single_image-img attachment-medium\" alt=\"\" srcset=\"https:\/\/colegiocristianointegral.com\/wp-content\/uploads\/2021\/01\/INFO-9-367x510.png 367w, https:\/\/colegiocristianointegral.com\/wp-content\/uploads\/2021\/01\/INFO-9.png 549w\" sizes=\"(max-width: 367px) 100vw, 367px\" \/><\/div>\n\t\t<\/figure>\n\t<\/div>\n<\/div><\/div><\/div><\/div><\/div><div class=\"ult-item-wrap\" data-animation=\"animated no-animation\"><div class=\"wpb_column vc_column_container vc_col-sm-9\"><div class=\"vc_column-inner vc_custom_1610679600248\"><div class=\"wpb_wrapper\"><div class=\"ult-item-wrap\" data-animation=\"animated no-animation\"><div id=\"ultimate-heading-21569f70bba86560\" class=\"uvc-heading ult-adjust-bottom-margin ultimate-heading-21569f70bba86560 uvc-6862 \" data-hspacer=\"no_spacer\"  data-halign=\"center\" style=\"text-align:center\"><div class=\"uvc-heading-spacer no_spacer\" style=\"top\"><\/div><div class=\"uvc-main-heading ult-responsive\"  data-ultimate-target='.uvc-heading.ultimate-heading-21569f70bba86560 h2'  data-responsive-json-new='{\"font-size\":\"desktop:40px;\",\"line-height\":\"\"}' ><h2 style=\"font-weight:bold;color:#000000;\">\u00bfC\u00f3mo ser\u00e1n los tiempos de descanso?<\/h2><\/div><div class=\"uvc-sub-heading ult-responsive\"  data-ultimate-target='.uvc-heading.ultimate-heading-21569f70bba86560 .uvc-sub-heading '  data-responsive-json-new='{\"font-size\":\"desktop:25px;\",\"line-height\":\"\"}'  style=\"font-weight:normal;color:#000000;\">Habr\u00e1 5 tiempos de descanso:<br \/>\nPrejard\u00edn y Jard\u00edn: 9:30-10:20<br \/>\nTransici\u00f3n: 10:20-11:10<br \/>\nPrimaria y 6\u00b0:9:30-10:20<br \/>\nB\u00e1sica:8:40-9:30<br \/>\nMedia:10:20-11:10<\/div><\/div><\/div><\/div><\/div><\/div><\/div><\/div><\/div><div class=\"ult-item-wrap\" data-animation=\"animated no-animation\"><div class=\"vc_row wpb_row vc_inner vc_row-fluid\"><div class=\"ult-item-wrap\" data-animation=\"animated no-animation\"><div class=\"wpb_column vc_column_container vc_col-sm-3\"><div class=\"vc_column-inner\"><div class=\"wpb_wrapper\"><div class=\"ult-item-wrap\" data-animation=\"animated no-animation\">\n\t<div  class=\"wpb_single_image wpb_content_element vc_align_center\">\n\t\t\n\t\t<figure class=\"wpb_wrapper vc_figure\">\n\t\t\t<div class=\"vc_single_image-wrapper   vc_box_border_grey\"><img loading=\"lazy\" decoding=\"async\" width=\"396\" height=\"510\" src=\"https:\/\/colegiocristianointegral.com\/wp-content\/uploads\/2021\/01\/INFO-10-396x510.png\" class=\"vc_single_image-img attachment-medium\" alt=\"\" srcset=\"https:\/\/colegiocristianointegral.com\/wp-content\/uploads\/2021\/01\/INFO-10-396x510.png 396w, https:\/\/colegiocristianointegral.com\/wp-content\/uploads\/2021\/01\/INFO-10.png 554w\" sizes=\"(max-width: 396px) 100vw, 396px\" \/><\/div>\n\t\t<\/figure>\n\t<\/div>\n<\/div><\/div><\/div><\/div><\/div><div class=\"ult-item-wrap\" data-animation=\"animated no-animation\"><div class=\"wpb_column vc_column_container vc_col-sm-9\"><div class=\"vc_column-inner vc_custom_1610679600248\"><div class=\"wpb_wrapper\"><div class=\"ult-item-wrap\" data-animation=\"animated no-animation\"><div id=\"ultimate-heading-65269f70bba873e3\" class=\"uvc-heading ult-adjust-bottom-margin ultimate-heading-65269f70bba873e3 uvc-5441 \" data-hspacer=\"no_spacer\"  data-halign=\"center\" style=\"text-align:center\"><div class=\"uvc-heading-spacer no_spacer\" style=\"top\"><\/div><div class=\"uvc-main-heading ult-responsive\"  data-ultimate-target='.uvc-heading.ultimate-heading-65269f70bba873e3 h2'  data-responsive-json-new='{\"font-size\":\"desktop:40px;\",\"line-height\":\"\"}' ><h2 style=\"font-weight:bold;color:#000000;\">\u00bfC\u00f3mo ser\u00e1 el ingreso y la salida de los estudiantes?<\/h2><\/div><div class=\"uvc-sub-heading ult-responsive\"  data-ultimate-target='.uvc-heading.ultimate-heading-65269f70bba873e3 .uvc-sub-heading '  data-responsive-json-new='{\"font-size\":\"desktop:25px;\",\"line-height\":\"\"}'  style=\"font-weight:normal;color:#000000;\">Preescolar, primaria y bachillerato ingresar\u00e1n y saldr\u00e1n por una puerta diferente, conservando el distanciamiento y cumpliendo los protocolos de bioseguridad. Los estudiantes que requieran acompa\u00f1amiento, debe llegar o ser recogido por un adulto, idealmente entre 18 y 59 a\u00f1os, sano, que no haya tenido contacto estrecho con casos sospechosos o confirmados de COVID-19 en los \u00faltimos 14 d\u00edas.<\/div><\/div><\/div><\/div><\/div><\/div><\/div><\/div><\/div><div class=\"ult-item-wrap\" data-animation=\"animated no-animation\"><div class=\"vc_row wpb_row vc_inner vc_row-fluid\"><div class=\"ult-item-wrap\" data-animation=\"animated no-animation\"><div class=\"wpb_column vc_column_container vc_col-sm-3\"><div class=\"vc_column-inner\"><div class=\"wpb_wrapper\"><div class=\"ult-item-wrap\" data-animation=\"animated no-animation\">\n\t<div  class=\"wpb_single_image wpb_content_element vc_align_center\">\n\t\t\n\t\t<figure class=\"wpb_wrapper vc_figure\">\n\t\t\t<div class=\"vc_single_image-wrapper   vc_box_border_grey\"><img loading=\"lazy\" decoding=\"async\" width=\"386\" height=\"510\" src=\"https:\/\/colegiocristianointegral.com\/wp-content\/uploads\/2021\/01\/INFO-11-386x510.png\" class=\"vc_single_image-img attachment-medium\" alt=\"\" srcset=\"https:\/\/colegiocristianointegral.com\/wp-content\/uploads\/2021\/01\/INFO-11-386x510.png 386w, https:\/\/colegiocristianointegral.com\/wp-content\/uploads\/2021\/01\/INFO-11.png 550w\" sizes=\"(max-width: 386px) 100vw, 386px\" \/><\/div>\n\t\t<\/figure>\n\t<\/div>\n<\/div><\/div><\/div><\/div><\/div><div class=\"ult-item-wrap\" data-animation=\"animated no-animation\"><div class=\"wpb_column vc_column_container vc_col-sm-9\"><div class=\"vc_column-inner vc_custom_1610679600248\"><div class=\"wpb_wrapper\"><div class=\"ult-item-wrap\" data-animation=\"animated no-animation\"><div id=\"ultimate-heading-893769f70bba87fa4\" class=\"uvc-heading ult-adjust-bottom-margin ultimate-heading-893769f70bba87fa4 uvc-4952 \" data-hspacer=\"no_spacer\"  data-halign=\"center\" style=\"text-align:center\"><div class=\"uvc-heading-spacer no_spacer\" style=\"top\"><\/div><div class=\"uvc-main-heading ult-responsive\"  data-ultimate-target='.uvc-heading.ultimate-heading-893769f70bba87fa4 h2'  data-responsive-json-new='{\"font-size\":\"desktop:40px;\",\"line-height\":\"\"}' ><h2 style=\"font-weight:bold;color:#000000;\">\u00bfCu\u00e1l ser\u00e1 el protocolo de bioseguridad si se presentan s\u00edntomas para COVID 19 en uno de los estudiantes dentro del plantel?<\/h2><\/div><div class=\"uvc-sub-heading ult-responsive\"  data-ultimate-target='.uvc-heading.ultimate-heading-893769f70bba87fa4 .uvc-sub-heading '  data-responsive-json-new='{\"font-size\":\"desktop:25px;\",\"line-height\":\"\"}'  style=\"font-weight:normal;color:#000000;\">1. El docente informar\u00e1 a Psicoorientaci\u00f3n.<br \/>\n2. El estudiante se aislar\u00e1 dentro de la Instituci\u00f3n<br \/>\n3. Se llamar\u00e1 al padre de familia para informar de los s\u00edntomas y recoger al estudiante<br \/>\n4. El padre de familia debe llamar a su EPS y reportar los s\u00edntomas del estudiante para que inicien su protocolo de atenci\u00f3n.<br \/>\n5. El estudiante desde ese mismo momento inicia aislamiento y debe estar atento a todas las indicaciones de la EPS.<br \/>\n6. El grupo de estudiantes que participaron ese d\u00eda en clase con el estudiante preferiblemente estar\u00e1n en aislamiento monitoreando desde su casa los s\u00edntomas.<br \/>\n7. Durante el tiempo de aislamiento los estudiantes continuar\u00e1n su trabajo acad\u00e9mico desde casa.<\/div><\/div><\/div><\/div><\/div><\/div><\/div><\/div><\/div><div class=\"ult-item-wrap\" data-animation=\"animated no-animation\"><div class=\"vc_row wpb_row vc_inner vc_row-fluid\"><div class=\"ult-item-wrap\" data-animation=\"animated no-animation\"><div class=\"wpb_column vc_column_container vc_col-sm-3\"><div class=\"vc_column-inner\"><div class=\"wpb_wrapper\"><div class=\"ult-item-wrap\" data-animation=\"animated no-animation\">\n\t<div  class=\"wpb_single_image wpb_content_element vc_align_center\">\n\t\t\n\t\t<figure class=\"wpb_wrapper vc_figure\">\n\t\t\t<div class=\"vc_single_image-wrapper   vc_box_border_grey\"><img loading=\"lazy\" decoding=\"async\" width=\"395\" height=\"510\" src=\"https:\/\/colegiocristianointegral.com\/wp-content\/uploads\/2021\/01\/INFO-12-395x510.png\" class=\"vc_single_image-img attachment-medium\" alt=\"\" srcset=\"https:\/\/colegiocristianointegral.com\/wp-content\/uploads\/2021\/01\/INFO-12-395x510.png 395w, https:\/\/colegiocristianointegral.com\/wp-content\/uploads\/2021\/01\/INFO-12.png 555w\" sizes=\"(max-width: 395px) 100vw, 395px\" \/><\/div>\n\t\t<\/figure>\n\t<\/div>\n<\/div><\/div><\/div><\/div><\/div><div class=\"ult-item-wrap\" data-animation=\"animated no-animation\"><div class=\"wpb_column vc_column_container vc_col-sm-9\"><div class=\"vc_column-inner vc_custom_1610679600248\"><div class=\"wpb_wrapper\"><div class=\"ult-item-wrap\" data-animation=\"animated no-animation\"><div id=\"ultimate-heading-757969f70bba88959\" class=\"uvc-heading ult-adjust-bottom-margin ultimate-heading-757969f70bba88959 uvc-9903 \" data-hspacer=\"no_spacer\"  data-halign=\"center\" style=\"text-align:center\"><div class=\"uvc-heading-spacer no_spacer\" style=\"top\"><\/div><div class=\"uvc-main-heading ult-responsive\"  data-ultimate-target='.uvc-heading.ultimate-heading-757969f70bba88959 h2'  data-responsive-json-new='{\"font-size\":\"desktop:40px;\",\"line-height\":\"\"}' ><h2 style=\"font-weight:bold;color:#000000;\">\u00bfEs importante usar c\u00e1mara y audio para las clases?<\/h2><\/div><div class=\"uvc-sub-heading ult-responsive\"  data-ultimate-target='.uvc-heading.ultimate-heading-757969f70bba88959 .uvc-sub-heading '  data-responsive-json-new='{\"font-size\":\"desktop:25px;\",\"line-height\":\"\"}'  style=\"font-weight:normal;color:#000000;\">Es de car\u00e1cter obligatorio el uso de la c\u00e1mara y el audio para un buen desempe\u00f1o y receptividad de las clases virtuales e identificaci\u00f3n de los participantes, para que sean realmente sincr\u00f3nicas.<\/div><\/div><\/div><\/div><\/div><\/div><\/div><\/div><\/div><div class=\"ult-item-wrap\" data-animation=\"animated no-animation\"><div class=\"vc_row wpb_row vc_inner vc_row-fluid\"><div class=\"ult-item-wrap\" data-animation=\"animated no-animation\"><div class=\"wpb_column vc_column_container vc_col-sm-3\"><div class=\"vc_column-inner\"><div class=\"wpb_wrapper\"><div class=\"ult-item-wrap\" data-animation=\"animated no-animation\">\n\t<div  class=\"wpb_single_image wpb_content_element vc_align_center\">\n\t\t\n\t\t<figure class=\"wpb_wrapper vc_figure\">\n\t\t\t<div class=\"vc_single_image-wrapper   vc_box_border_grey\"><img loading=\"lazy\" decoding=\"async\" width=\"393\" height=\"510\" src=\"https:\/\/colegiocristianointegral.com\/wp-content\/uploads\/2021\/01\/INFO-13-393x510.png\" class=\"vc_single_image-img attachment-medium\" alt=\"\" srcset=\"https:\/\/colegiocristianointegral.com\/wp-content\/uploads\/2021\/01\/INFO-13-393x510.png 393w, https:\/\/colegiocristianointegral.com\/wp-content\/uploads\/2021\/01\/INFO-13.png 550w\" sizes=\"(max-width: 393px) 100vw, 393px\" \/><\/div>\n\t\t<\/figure>\n\t<\/div>\n<\/div><\/div><\/div><\/div><\/div><div class=\"ult-item-wrap\" data-animation=\"animated no-animation\"><div class=\"wpb_column vc_column_container vc_col-sm-9\"><div class=\"vc_column-inner vc_custom_1610679600248\"><div class=\"wpb_wrapper\"><div class=\"ult-item-wrap\" data-animation=\"animated no-animation\"><div id=\"ultimate-heading-881469f70bba89247\" class=\"uvc-heading ult-adjust-bottom-margin ultimate-heading-881469f70bba89247 uvc-8866 \" data-hspacer=\"no_spacer\"  data-halign=\"center\" style=\"text-align:center\"><div class=\"uvc-heading-spacer no_spacer\" style=\"top\"><\/div><div class=\"uvc-main-heading ult-responsive\"  data-ultimate-target='.uvc-heading.ultimate-heading-881469f70bba89247 h2'  data-responsive-json-new='{\"font-size\":\"desktop:40px;\",\"line-height\":\"\"}' ><h2 style=\"font-weight:bold;color:#000000;\">\u00bfEl otro a\u00f1o podremos usar celulares en el colegio?<\/h2><\/div><div class=\"uvc-sub-heading ult-responsive\"  data-ultimate-target='.uvc-heading.ultimate-heading-881469f70bba89247 .uvc-sub-heading '  data-responsive-json-new='{\"font-size\":\"desktop:25px;\",\"line-height\":\"\"}'  style=\"font-weight:normal;color:#000000;\">No es permitido el uso de celulares y otros aparatos tecnol\u00f3gicos que interrumpan la clase y la atenci\u00f3n de lo(a)s estudiantes durante las clases virtuales y o presenciales, a excepci\u00f3n que el celular sea la herramienta de trabajo de meet para la emisi\u00f3n de la clase virtual autorizado por el Padre de Familia.<\/div><\/div><\/div><\/div><\/div><\/div><\/div><\/div><\/div><div class=\"ult-item-wrap\" data-animation=\"animated no-animation\"><div class=\"vc_row wpb_row vc_inner vc_row-fluid\"><div class=\"ult-item-wrap\" data-animation=\"animated no-animation\"><div class=\"wpb_column vc_column_container vc_col-sm-3\"><div class=\"vc_column-inner\"><div class=\"wpb_wrapper\"><div class=\"ult-item-wrap\" data-animation=\"animated no-animation\">\n\t<div  class=\"wpb_single_image wpb_content_element vc_align_center\">\n\t\t\n\t\t<figure class=\"wpb_wrapper vc_figure\">\n\t\t\t<div class=\"vc_single_image-wrapper   vc_box_border_grey\"><img loading=\"lazy\" decoding=\"async\" width=\"396\" height=\"510\" src=\"https:\/\/colegiocristianointegral.com\/wp-content\/uploads\/2021\/01\/INFO-14-396x510.png\" class=\"vc_single_image-img attachment-medium\" alt=\"\" srcset=\"https:\/\/colegiocristianointegral.com\/wp-content\/uploads\/2021\/01\/INFO-14-396x510.png 396w, https:\/\/colegiocristianointegral.com\/wp-content\/uploads\/2021\/01\/INFO-14.png 555w\" sizes=\"(max-width: 396px) 100vw, 396px\" \/><\/div>\n\t\t<\/figure>\n\t<\/div>\n<\/div><\/div><\/div><\/div><\/div><div class=\"ult-item-wrap\" data-animation=\"animated no-animation\"><div class=\"wpb_column vc_column_container vc_col-sm-9\"><div class=\"vc_column-inner vc_custom_1610679600248\"><div class=\"wpb_wrapper\"><div class=\"ult-item-wrap\" data-animation=\"animated no-animation\"><div id=\"ultimate-heading-325769f70bba89bcc\" class=\"uvc-heading ult-adjust-bottom-margin ultimate-heading-325769f70bba89bcc uvc-3502 \" data-hspacer=\"no_spacer\"  data-halign=\"center\" style=\"text-align:center\"><div class=\"uvc-heading-spacer no_spacer\" style=\"top\"><\/div><div class=\"uvc-main-heading ult-responsive\"  data-ultimate-target='.uvc-heading.ultimate-heading-325769f70bba89bcc h2'  data-responsive-json-new='{\"font-size\":\"desktop:40px;\",\"line-height\":\"\"}' ><h2 style=\"font-weight:bold;color:#000000;\">\u00bfHabr\u00e1 servicio de ruta?<\/h2><\/div><div class=\"uvc-sub-heading ult-responsive\"  data-ultimate-target='.uvc-heading.ultimate-heading-325769f70bba89bcc .uvc-sub-heading '  data-responsive-json-new='{\"font-size\":\"desktop:25px;\",\"line-height\":\"\"}'  style=\"font-weight:normal;color:#000000;\">Solamente habr\u00e1 servicio para los municipios de Funza, Mosquera y Madrid. Los alumnos que viven en Bogot\u00e1 estudiar\u00e1n en la modalidad virtual o contratar\u00e1n ruta particular.<\/div><\/div><\/div><\/div><\/div><\/div><\/div><\/div><\/div><div class=\"ult-item-wrap\" data-animation=\"animated no-animation\"><div class=\"vc_row wpb_row vc_inner vc_row-fluid\"><div class=\"ult-item-wrap\" data-animation=\"animated no-animation\"><div class=\"wpb_column vc_column_container vc_col-sm-3\"><div class=\"vc_column-inner\"><div class=\"wpb_wrapper\"><div class=\"ult-item-wrap\" data-animation=\"animated no-animation\">\n\t<div  class=\"wpb_single_image wpb_content_element vc_align_center\">\n\t\t\n\t\t<figure class=\"wpb_wrapper vc_figure\">\n\t\t\t<div class=\"vc_single_image-wrapper   vc_box_border_grey\"><img loading=\"lazy\" decoding=\"async\" width=\"384\" height=\"510\" src=\"https:\/\/colegiocristianointegral.com\/wp-content\/uploads\/2021\/01\/INFO-15-384x510.png\" class=\"vc_single_image-img attachment-medium\" alt=\"\" srcset=\"https:\/\/colegiocristianointegral.com\/wp-content\/uploads\/2021\/01\/INFO-15-384x510.png 384w, https:\/\/colegiocristianointegral.com\/wp-content\/uploads\/2021\/01\/INFO-15.png 549w\" sizes=\"(max-width: 384px) 100vw, 384px\" \/><\/div>\n\t\t<\/figure>\n\t<\/div>\n<\/div><\/div><\/div><\/div><\/div><div class=\"ult-item-wrap\" data-animation=\"animated no-animation\"><div class=\"wpb_column vc_column_container vc_col-sm-9\"><div class=\"vc_column-inner vc_custom_1610679600248\"><div class=\"wpb_wrapper\"><div class=\"ult-item-wrap\" data-animation=\"animated no-animation\"><div id=\"ultimate-heading-449769f70bba8a6bc\" class=\"uvc-heading ult-adjust-bottom-margin ultimate-heading-449769f70bba8a6bc uvc-6631 \" data-hspacer=\"no_spacer\"  data-halign=\"center\" style=\"text-align:center\"><div class=\"uvc-heading-spacer no_spacer\" style=\"top\"><\/div><div class=\"uvc-main-heading ult-responsive\"  data-ultimate-target='.uvc-heading.ultimate-heading-449769f70bba8a6bc h2'  data-responsive-json-new='{\"font-size\":\"desktop:40px;\",\"line-height\":\"\"}' ><h2 style=\"font-weight:bold;color:#000000;\">\u00bfEl pr\u00f3ximo a\u00f1o funcionar\u00e1 el restaurante escolar?<\/h2><\/div><div class=\"uvc-sub-heading ult-responsive\"  data-ultimate-target='.uvc-heading.ultimate-heading-449769f70bba8a6bc .uvc-sub-heading '  data-responsive-json-new='{\"font-size\":\"desktop:25px;\",\"line-height\":\"\"}'  style=\"font-weight:normal;color:#000000;\">Por protocolos de bioseguridad el colegio no ofrecer\u00e1 servicio de restaurante.<\/div><\/div><\/div><\/div><\/div><\/div><\/div><\/div><\/div><\/div><\/div>\t\t\t<script type=\"text\/javascript\">\r\n\t\t\t\tjQuery(document).ready(function ($) {\r\n\t\t\t\t\tif( typeof jQuery('.ult-carousel-30909008469f70bba7c8bd').slick == \"function\"){\r\n\t\t\t\t\t\t$('.ult-carousel-30909008469f70bba7c8bd').slick({dots: true,autoplay: true,autoplaySpeed: 5000,speed: 600,infinite: true,arrows: true,nextArrow: '<button type=\"button\" role=\"button\" aria-label=\"Next\" style=\"color:#333333; font-size:20px;\" class=\"slick-next default\"><i class=\"ultsl-arrow-right4\"><\/i><\/button>',prevArrow: '<button type=\"button\" role=\"button\" aria-label=\"Previous\" style=\"color:#333333; font-size:20px;\" class=\"slick-prev default\"><i class=\"ultsl-arrow-left4\"><\/i><\/button>',slidesToScroll:1,slidesToShow:1,swipe: true,draggable: true,touchMove: true,pauseOnHover: true,pauseOnFocus: false,adaptiveHeight: true,responsive: [\r\n\t\t\t\t\t\t\t{\r\n\t\t\t\t\t\t\t  breakpoint: 1026,\r\n\t\t\t\t\t\t\t  settings: {\r\n\t\t\t\t\t\t\t\tslidesToShow: 1,\r\n\t\t\t\t\t\t\t\tslidesToScroll: 1,  \r\n\t\t\t\t\t\t\t  }\r\n\t\t\t\t\t\t\t},\r\n\t\t\t\t\t\t\t{\r\n\t\t\t\t\t\t\t  breakpoint: 1025,\r\n\t\t\t\t\t\t\t  settings: {\r\n\t\t\t\t\t\t\t\tslidesToShow: 1,\r\n\t\t\t\t\t\t\t\tslidesToScroll: 1\r\n\t\t\t\t\t\t\t  }\r\n\t\t\t\t\t\t\t},\r\n\t\t\t\t\t\t\t{\r\n\t\t\t\t\t\t\t  breakpoint: 760,\r\n\t\t\t\t\t\t\t  settings: {\r\n\t\t\t\t\t\t\t\tslidesToShow: 1,\r\n\t\t\t\t\t\t\t\tslidesToScroll: 1\r\n\t\t\t\t\t\t\t  }\r\n\t\t\t\t\t\t\t}\r\n\t\t\t\t\t\t],pauseOnDotsHover: true,customPaging: function(slider, i) {\r\n                   return '<i type=\"button\" style= \"color:#333333;\" class=\"ultsl-record\" data-role=\"none\"><\/i>';\r\n                },});\r\n\t\t\t\t\t}\r\n\t\t\t\t});\r\n\t\t\t<\/script>\r\n\t\t\t<\/div><\/div><\/div><\/div><div class=\"vc_row wpb_row vc_row-fluid\"><div class=\"wpb_column vc_column_container vc_col-sm-12\"><div class=\"vc_column-inner\"><div class=\"wpb_wrapper\"><div class=\"ult-spacer spacer-69f70bba8af0b\" data-id=\"69f70bba8af0b\" data-height=\"40\" data-height-mobile=\"40\" data-height-tab=\"40\" data-height-tab-portrait=\"\" data-height-mobile-landscape=\"\" style=\"clear:both;display:block;\"><\/div><\/div><\/div><\/div><\/div><div data-vc-full-width=\"true\" data-vc-full-width-init=\"false\" data-vc-stretch-content=\"true\" class=\"vc_row wpb_row vc_row-fluid vc_custom_1465823723509 vc_row-no-padding vc_row-o-equal-height vc_row-flex\"><div class=\"wpb_column vc_column_container vc_col-sm-12 vc_col-md-4 vc_col-has-fill\"><div class=\"vc_column-inner vc_custom_1609886645379\"><div class=\"wpb_wrapper\">\n\t<div  class=\"wpb_single_image wpb_content_element vc_align_center\">\n\t\t\n\t\t<figure class=\"wpb_wrapper vc_figure\">\n\t\t\t<div class=\"vc_single_image-wrapper   vc_box_border_grey\"><img loading=\"lazy\" decoding=\"async\" class=\"vc_single_image-img \" src=\"https:\/\/colegiocristianointegral.com\/wp-content\/uploads\/2021\/01\/Infografia-1-100x100.png\" width=\"100\" height=\"100\" alt=\"Infografia # 1\" title=\"Infografia # 1\" \/><\/div>\n\t\t<\/figure>\n\t<\/div>\n<div id=\"ultimate-heading-400169f70bba8bc8c\" class=\"uvc-heading ult-adjust-bottom-margin ultimate-heading-400169f70bba8bc8c uvc-5173 \" data-hspacer=\"no_spacer\"  data-halign=\"center\" style=\"text-align:center\"><div class=\"uvc-heading-spacer no_spacer\" style=\"top\"><\/div><div class=\"uvc-main-heading ult-responsive\"  data-ultimate-target='.uvc-heading.ultimate-heading-400169f70bba8bc8c h2'  data-responsive-json-new='{\"font-size\":\"desktop:45px;\",\"line-height\":\"\"}' ><h2 style=\"font-weight:bold;color:#ffffff;\">Admisiones<\/h2><\/div><div class=\"uvc-sub-heading ult-responsive\"  data-ultimate-target='.uvc-heading.ultimate-heading-400169f70bba8bc8c .uvc-sub-heading '  data-responsive-json-new='{\"font-size\":\"desktop:18px;\",\"line-height\":\"\"}'  style=\"font-weight:normal;color:#ffffff;\">Realiza todo el proceso de inscripci\u00f3n para antiguos y nuevos estudiantes, para el periodo escolar del 2021.<\/div><\/div><div class=\"ult-spacer spacer-69f70bba8bcbb\" data-id=\"69f70bba8bcbb\" data-height=\"30\" data-height-mobile=\"30\" data-height-tab=\"30\" data-height-tab-portrait=\"\" data-height-mobile-landscape=\"\" style=\"clear:both;display:block;\"><\/div><div class=\" vc_custom_1610040255342 ubtn-ctn-center \"><a class=\"ubtn-link ult-adjust-bottom-margin ubtn-center ubtn-normal \" href=\"http:\/\/colegiointegralfunza.infinite.com.co\/schoolweb\/hadmisiones.aspx\" ><button type=\"button\" id=\"ubtn-2370\"  class=\"ubtn ult-adjust-bottom-margin ult-responsive ubtn-normal ubtn-no-hover-bg  none  ubtn-center   tooltip-69f70bba8bced\"  data-hover=\"#1b1b1b\" data-border-color=\"#ffffff\" data-bg=\"rgba(255,255,255,0.01)\" data-hover-bg=\"#ffffff\" data-border-hover=\"#ffffff\" data-shadow-hover=\"\" data-shadow-click=\"none\" data-shadow=\"\" data-shd-shadow=\"\"  data-ultimate-target='#ubtn-2370'  data-responsive-json-new='{\"font-size\":\"\",\"line-height\":\"\"}'  style=\"font-weight:bold;border-radius:60px;border-width:2px;border-color:#ffffff;border-style:solid;background: rgba(255,255,255,0.01);color: #ffffff;\"><span class=\"ubtn-hover\" style=\"background-color:#ffffff\"><\/span><span class=\"ubtn-data ubtn-text \" >ir a Admisiones<\/span><\/button><\/a><\/div><\/div><\/div><\/div><div class=\"wpb_column vc_column_container vc_col-sm-12 vc_col-md-4 vc_col-has-fill\"><div class=\"vc_column-inner vc_custom_1609886673776\"><div class=\"wpb_wrapper\">\n\t<div  class=\"wpb_single_image wpb_content_element vc_align_center\">\n\t\t\n\t\t<figure class=\"wpb_wrapper vc_figure\">\n\t\t\t<div class=\"vc_single_image-wrapper   vc_box_border_grey\"><img loading=\"lazy\" decoding=\"async\" class=\"vc_single_image-img \" src=\"https:\/\/colegiocristianointegral.com\/wp-content\/uploads\/2021\/01\/Infografia-2-100x100.png\" width=\"100\" height=\"100\" alt=\"Infografia # 2\" title=\"Infografia # 2\" \/><\/div>\n\t\t<\/figure>\n\t<\/div>\n<div id=\"ultimate-heading-972969f70bba8c42d\" class=\"uvc-heading ult-adjust-bottom-margin ultimate-heading-972969f70bba8c42d uvc-6033 \" data-hspacer=\"no_spacer\"  data-halign=\"center\" style=\"text-align:center\"><div class=\"uvc-heading-spacer no_spacer\" style=\"top\"><\/div><div class=\"uvc-main-heading ult-responsive\"  data-ultimate-target='.uvc-heading.ultimate-heading-972969f70bba8c42d h2'  data-responsive-json-new='{\"font-size\":\"desktop:45px;\",\"line-height\":\"\"}' ><h2 style=\"font-weight:bold;color:#ffffff;\">Aula Virtual<\/h2><\/div><div class=\"uvc-sub-heading ult-responsive\"  data-ultimate-target='.uvc-heading.ultimate-heading-972969f70bba8c42d .uvc-sub-heading '  data-responsive-json-new='{\"font-size\":\"desktop:18px;\",\"line-height\":\"\"}'  style=\"font-weight:normal;color:#ffffff;\">Aqu\u00ed podr\u00e1s ingresar para ver todas las tareas y trabajos asignados as\u00ed como otros procesos del colegio.<\/div><\/div><div class=\"ult-spacer spacer-69f70bba8c45a\" data-id=\"69f70bba8c45a\" data-height=\"30\" data-height-mobile=\"30\" data-height-tab=\"30\" data-height-tab-portrait=\"\" data-height-mobile-landscape=\"\" style=\"clear:both;display:block;\"><\/div><div class=\" vc_custom_1610056896564 ubtn-ctn-center \"><a class=\"ubtn-link ult-adjust-bottom-margin ubtn-center ubtn-normal \" href=\"http:\/\/colegiointegralfunza.infinite.com.co\/schoolweb\/ingreso.aspx\" ><button type=\"button\" id=\"ubtn-3662\"  class=\"ubtn ult-adjust-bottom-margin ult-responsive ubtn-normal ubtn-no-hover-bg  none  ubtn-center   tooltip-69f70bba8c488\"  data-hover=\"#1b1b1b\" data-border-color=\"#ffffff\" data-bg=\"rgba(255,255,255,0.01)\" data-hover-bg=\"#ffffff\" data-border-hover=\"#ffffff\" data-shadow-hover=\"\" data-shadow-click=\"none\" data-shadow=\"\" data-shd-shadow=\"\"  data-ultimate-target='#ubtn-3662'  data-responsive-json-new='{\"font-size\":\"\",\"line-height\":\"\"}'  style=\"font-weight:bold;border-radius:60px;border-width:2px;border-color:#ffffff;border-style:solid;background: rgba(255,255,255,0.01);color: #ffffff;\"><span class=\"ubtn-hover\" style=\"background-color:#ffffff\"><\/span><span class=\"ubtn-data ubtn-text \" >Ir a Aula Virtual<\/span><\/button><\/a><\/div><\/div><\/div><\/div><div class=\"wpb_column vc_column_container vc_col-sm-12 vc_col-md-4 vc_col-has-fill\"><div class=\"vc_column-inner vc_custom_1609886688787\"><div class=\"wpb_wrapper\">\n\t<div  class=\"wpb_single_image wpb_content_element vc_align_center\">\n\t\t\n\t\t<figure class=\"wpb_wrapper vc_figure\">\n\t\t\t<div class=\"vc_single_image-wrapper   vc_box_border_grey\"><img loading=\"lazy\" decoding=\"async\" class=\"vc_single_image-img \" src=\"https:\/\/colegiocristianointegral.com\/wp-content\/uploads\/2021\/01\/Infografia-3-100x100.png\" width=\"100\" height=\"100\" alt=\"Infografia # 3\" title=\"Infografia # 3\" \/><\/div>\n\t\t<\/figure>\n\t<\/div>\n<div id=\"ultimate-heading-128569f70bba8cb96\" class=\"uvc-heading ult-adjust-bottom-margin ultimate-heading-128569f70bba8cb96 uvc-6045 \" data-hspacer=\"no_spacer\"  data-halign=\"center\" style=\"text-align:center\"><div class=\"uvc-heading-spacer no_spacer\" style=\"top\"><\/div><div class=\"uvc-main-heading ult-responsive\"  data-ultimate-target='.uvc-heading.ultimate-heading-128569f70bba8cb96 h2'  data-responsive-json-new='{\"font-size\":\"desktop:45px;\",\"line-height\":\"\"}' ><h2 style=\"font-weight:bold;color:#ffffff;\">Pagos Online<\/h2><\/div><div class=\"uvc-sub-heading ult-responsive\"  data-ultimate-target='.uvc-heading.ultimate-heading-128569f70bba8cb96 .uvc-sub-heading '  data-responsive-json-new='{\"font-size\":\"desktop:18px;\",\"line-height\":\"\"}'  style=\"font-weight:normal;color:#ffffff;\">Realiza el pago de tus obligaciones a trav\u00e9s de nuestro bot\u00f3n de pago conectado con caja Social.<\/div><\/div><div class=\"ult-spacer spacer-69f70bba8cbc4\" data-id=\"69f70bba8cbc4\" data-height=\"30\" data-height-mobile=\"30\" data-height-tab=\"30\" data-height-tab-portrait=\"\" data-height-mobile-landscape=\"\" style=\"clear:both;display:block;\"><\/div><div class=\" vc_custom_1610050100398 ubtn-ctn-center \"><a class=\"ubtn-link ult-adjust-bottom-margin ubtn-center ubtn-normal \" href=\"https:\/\/www.mipagoamigo.com\/MPA_WebSite\/ServicePayments\/StartPayment?id=4830&searchedCategoryId=&searchedAgreementName=COLEGIOCRISTIANOINTEGRALPENSIONES\" ><button type=\"button\" id=\"ubtn-7588\"  class=\"ubtn ult-adjust-bottom-margin ult-responsive ubtn-normal ubtn-no-hover-bg  none  ubtn-center   tooltip-69f70bba8cbf0\"  data-hover=\"#1b1b1b\" data-border-color=\"#ffffff\" data-bg=\"rgba(255,255,255,0.01)\" data-hover-bg=\"#ffffff\" data-border-hover=\"#ffffff\" data-shadow-hover=\"\" data-shadow-click=\"none\" data-shadow=\"\" data-shd-shadow=\"\"  data-ultimate-target='#ubtn-7588'  data-responsive-json-new='{\"font-size\":\"\",\"line-height\":\"\"}'  style=\"font-weight:bold;border-radius:60px;border-width:2px;border-color:#ffffff;border-style:solid;background: rgba(255,255,255,0.01);color: #ffffff;\"><span class=\"ubtn-hover\" style=\"background-color:#ffffff\"><\/span><span class=\"ubtn-data ubtn-text \" >ir a Pagar<\/span><\/button><\/a><\/div><\/div><\/div><\/div><\/div><div class=\"vc_row-full-width vc_clearfix\"><\/div>\n","protected":false},"excerpt":{"rendered":"Conoce nuestra modalidad de estudio Para este 2021 Queremos que conozcas como funciona la presencialidad en la modalidad alternancia \u00bfQu\u00e9 modalidades de estudio se manejar\u00e1n el 2021?Presencial, bajo el esquema de alternancia. Estudio en casa. (virtual) \u00bfC\u00f3mo funciona la presencialidad en la modalidad alternancia?Cada curso se dividir\u00e1 en dos grupos A y B. El grupo [...]","protected":false},"author":1,"featured_media":0,"parent":0,"menu_order":0,"comment_status":"closed","ping_status":"closed","template":"","meta":{"footnotes":""},"class_list":["post-11521","page","type-page","status-publish","hentry"],"yoast_head":"<!-- This site is optimized with the Yoast SEO Premium plugin v26.2 (Yoast SEO v26.2) - https:\/\/yoast.com\/wordpress\/plugins\/seo\/ -->\n<title>CCI A LA CARTA - Colegio Cristiano Integral<\/title>\n<meta name=\"robots\" content=\"index, follow, max-snippet:-1, max-image-preview:large, max-video-preview:-1\" \/>\n<link rel=\"canonical\" href=\"https:\/\/colegiocristianointegral.com\/en\/ccialletter\/\" \/>\n<meta property=\"og:locale\" content=\"en_US\" \/>\n<meta property=\"og:type\" content=\"article\" \/>\n<meta property=\"og:title\" content=\"CCI A LA CARTA\" \/>\n<meta property=\"og:url\" content=\"https:\/\/colegiocristianointegral.com\/en\/ccialletter\/\" \/>\n<meta property=\"og:site_name\" content=\"Colegio Cristiano Integral\" \/>\n<meta property=\"article:modified_time\" content=\"2021-01-15T14:20:14+00:00\" \/>\n<meta name=\"twitter:card\" content=\"summary_large_image\" \/>\n<meta name=\"twitter:label1\" content=\"Est. reading time\" \/>\n\t<meta name=\"twitter:data1\" content=\"12 minutes\" \/>\n<script type=\"application\/ld+json\" class=\"yoast-schema-graph\">{\"@context\":\"https:\/\/schema.org\",\"@graph\":[{\"@type\":\"WebPage\",\"@id\":\"https:\/\/colegiocristianointegral.com\/ccialacarta\/\",\"url\":\"https:\/\/colegiocristianointegral.com\/ccialacarta\/\",\"name\":\"CCI A LA CARTA - Colegio Cristiano Integral\",\"isPartOf\":{\"@id\":\"https:\/\/colegiocristianointegral.com\/#website\"},\"datePublished\":\"2021-01-08T00:10:49+00:00\",\"dateModified\":\"2021-01-15T14:20:14+00:00\",\"breadcrumb\":{\"@id\":\"https:\/\/colegiocristianointegral.com\/ccialacarta\/#breadcrumb\"},\"inLanguage\":\"en-US\",\"potentialAction\":[{\"@type\":\"ReadAction\",\"target\":[\"https:\/\/colegiocristianointegral.com\/ccialacarta\/\"]}]},{\"@type\":\"BreadcrumbList\",\"@id\":\"https:\/\/colegiocristianointegral.com\/ccialacarta\/#breadcrumb\",\"itemListElement\":[{\"@type\":\"ListItem\",\"position\":1,\"name\":\"Home\",\"item\":\"https:\/\/colegiocristianointegral.com\/\"},{\"@type\":\"ListItem\",\"position\":2,\"name\":\"CCI A LA CARTA\"}]},{\"@type\":\"WebSite\",\"@id\":\"https:\/\/colegiocristianointegral.com\/#website\",\"url\":\"https:\/\/colegiocristianointegral.com\/\",\"name\":\"Colegio Cristiano Integral\",\"description\":\"\",\"publisher\":{\"@id\":\"https:\/\/colegiocristianointegral.com\/#organization\"},\"potentialAction\":[{\"@type\":\"SearchAction\",\"target\":{\"@type\":\"EntryPoint\",\"urlTemplate\":\"https:\/\/colegiocristianointegral.com\/?s={search_term_string}\"},\"query-input\":{\"@type\":\"PropertyValueSpecification\",\"valueRequired\":true,\"valueName\":\"search_term_string\"}}],\"inLanguage\":\"en-US\"},{\"@type\":\"Organization\",\"@id\":\"https:\/\/colegiocristianointegral.com\/#organization\",\"name\":\"Colegio Cristiano Integral\",\"url\":\"https:\/\/colegiocristianointegral.com\/\",\"logo\":{\"@type\":\"ImageObject\",\"inLanguage\":\"en-US\",\"@id\":\"https:\/\/colegiocristianointegral.com\/#\/schema\/logo\/image\/\",\"url\":\"https:\/\/colegiocristianointegral.com\/wp-content\/uploads\/2021\/01\/LOGO-1-GRAN.png\",\"contentUrl\":\"https:\/\/colegiocristianointegral.com\/wp-content\/uploads\/2021\/01\/LOGO-1-GRAN.png\",\"width\":1492,\"height\":335,\"caption\":\"Colegio Cristiano Integral\"},\"image\":{\"@id\":\"https:\/\/colegiocristianointegral.com\/#\/schema\/logo\/image\/\"}}]}<\/script>\n<!-- \/ Yoast SEO Premium plugin. -->","yoast_head_json":{"title":"CCI A LA CARTA - Colegio Cristiano Integral","robots":{"index":"index","follow":"follow","max-snippet":"max-snippet:-1","max-image-preview":"max-image-preview:large","max-video-preview":"max-video-preview:-1"},"canonical":"https:\/\/colegiocristianointegral.com\/en\/ccialletter\/","og_locale":"en_US","og_type":"article","og_title":"CCI A LA CARTA","og_url":"https:\/\/colegiocristianointegral.com\/en\/ccialletter\/","og_site_name":"Colegio Cristiano Integral","article_modified_time":"2021-01-15T14:20:14+00:00","twitter_card":"summary_large_image","twitter_misc":{"Est. reading time":"12 minutes"},"schema":{"@context":"https:\/\/schema.org","@graph":[{"@type":"WebPage","@id":"https:\/\/colegiocristianointegral.com\/ccialacarta\/","url":"https:\/\/colegiocristianointegral.com\/ccialacarta\/","name":"CCI A LA CARTA - Colegio Cristiano Integral","isPartOf":{"@id":"https:\/\/colegiocristianointegral.com\/#website"},"datePublished":"2021-01-08T00:10:49+00:00","dateModified":"2021-01-15T14:20:14+00:00","breadcrumb":{"@id":"https:\/\/colegiocristianointegral.com\/ccialacarta\/#breadcrumb"},"inLanguage":"en-US","potentialAction":[{"@type":"ReadAction","target":["https:\/\/colegiocristianointegral.com\/ccialacarta\/"]}]},{"@type":"BreadcrumbList","@id":"https:\/\/colegiocristianointegral.com\/ccialacarta\/#breadcrumb","itemListElement":[{"@type":"ListItem","position":1,"name":"Home","item":"https:\/\/colegiocristianointegral.com\/"},{"@type":"ListItem","position":2,"name":"CCI A LA CARTA"}]},{"@type":"WebSite","@id":"https:\/\/colegiocristianointegral.com\/#website","url":"https:\/\/colegiocristianointegral.com\/","name":"Colegio Cristiano Integral","description":"","publisher":{"@id":"https:\/\/colegiocristianointegral.com\/#organization"},"potentialAction":[{"@type":"SearchAction","target":{"@type":"EntryPoint","urlTemplate":"https:\/\/colegiocristianointegral.com\/?s={search_term_string}"},"query-input":{"@type":"PropertyValueSpecification","valueRequired":true,"valueName":"search_term_string"}}],"inLanguage":"en-US"},{"@type":"Organization","@id":"https:\/\/colegiocristianointegral.com\/#organization","name":"Colegio Cristiano Integral","url":"https:\/\/colegiocristianointegral.com\/","logo":{"@type":"ImageObject","inLanguage":"en-US","@id":"https:\/\/colegiocristianointegral.com\/#\/schema\/logo\/image\/","url":"https:\/\/colegiocristianointegral.com\/wp-content\/uploads\/2021\/01\/LOGO-1-GRAN.png","contentUrl":"https:\/\/colegiocristianointegral.com\/wp-content\/uploads\/2021\/01\/LOGO-1-GRAN.png","width":1492,"height":335,"caption":"Colegio Cristiano Integral"},"image":{"@id":"https:\/\/colegiocristianointegral.com\/#\/schema\/logo\/image\/"}}]}},"_links":{"self":[{"href":"https:\/\/colegiocristianointegral.com\/en\/wp-json\/wp\/v2\/pages\/11521","targetHints":{"allow":["GET"]}}],"collection":[{"href":"https:\/\/colegiocristianointegral.com\/en\/wp-json\/wp\/v2\/pages"}],"about":[{"href":"https:\/\/colegiocristianointegral.com\/en\/wp-json\/wp\/v2\/types\/page"}],"author":[{"embeddable":true,"href":"https:\/\/colegiocristianointegral.com\/en\/wp-json\/wp\/v2\/users\/1"}],"replies":[{"embeddable":true,"href":"https:\/\/colegiocristianointegral.com\/en\/wp-json\/wp\/v2\/comments?post=11521"}],"version-history":[{"count":18,"href":"https:\/\/colegiocristianointegral.com\/en\/wp-json\/wp\/v2\/pages\/11521\/revisions"}],"predecessor-version":[{"id":11755,"href":"https:\/\/colegiocristianointegral.com\/en\/wp-json\/wp\/v2\/pages\/11521\/revisions\/11755"}],"wp:attachment":[{"href":"https:\/\/colegiocristianointegral.com\/en\/wp-json\/wp\/v2\/media?parent=11521"}],"curies":[{"name":"wp","href":"https:\/\/api.w.org\/{rel}","templated":true}]}}